{"id":1980,"date":"2021-11-30T21:33:27","date_gmt":"2021-11-30T21:33:27","guid":{"rendered":"https:\/\/consord.tn\/?page_id=1980"},"modified":"2021-12-01T00:23:46","modified_gmt":"2021-12-01T00:23:46","slug":"nos-projet","status":"publish","type":"page","link":"https:\/\/consord.tn\/index.php\/nos-projet\/","title":{"rendered":"Nos Projet"},"content":{"rendered":"<p>[et_pb_section fb_built=&#8221;1&#8243; admin_label=&#8221;Header&#8221; _builder_version=&#8221;4.4.3&#8243; use_background_color_gradient=&#8221;on&#8221; background_color_gradient_start=&#8221;rgba(0,19,46,0.6)&#8221; background_color_gradient_end=&#8221;rgba(0,19,46,0.6)&#8221; background_color_gradient_overlays_image=&#8221;on&#8221; background_image=&#8221;https:\/\/consord.tn\/wp-content\/uploads\/2021\/11\/financial-advisor-46.jpg&#8221; custom_padding=&#8221;||||false|false&#8221; locked=&#8221;off&#8221; global_colors_info=&#8221;{}&#8221;][et_pb_row _builder_version=&#8221;4.4.3&#8243; global_colors_info=&#8221;{}&#8221; custom_padding=&#8221;|0px||||&#8221; width=&#8221;84.2%&#8221;][et_pb_column type=&#8221;4_4&#8243; _builder_version=&#8221;4.4.3&#8243; global_colors_info=&#8221;{}&#8221;][et_pb_text _builder_version=&#8221;4.4.3&#8243; header_font=&#8221;Darker Grotesque|900|||||||&#8221; header_font_size=&#8221;100px&#8221; background_layout=&#8221;dark&#8221; max_width=&#8221;1070px&#8221; custom_margin=&#8221;|17px|||false|false&#8221; custom_padding=&#8221;|0px|0px|0px||&#8221; header_font_size_tablet=&#8221;70px&#8221; header_font_size_phone=&#8221;60px&#8221; header_font_size_last_edited=&#8221;on|phone&#8221; global_colors_info=&#8221;{}&#8221; width=&#8221;100%&#8221;]<\/p>\n<h1 style=\"text-align: center;\">CONSORD<\/h1>\n<p style=\"text-align: center;\"><span>est un partenairede choix pour la r\u00e9alisation de vos projets dans l\u2019univers de l\u2019\u00e9ducation, de l\u2019enseignement et de la formation.<\/span><\/p>\n<p>[\/et_pb_text][\/et_pb_column][\/et_pb_row][\/et_pb_section][et_pb_section fb_built=&#8221;1&#8243; admin_label=&#8221;Categories&#8221; _builder_version=&#8221;4.4.3&#8243; background_image=&#8221;https:\/\/consord.tn\/wp-content\/uploads\/2021\/11\/financial-advisor-background-4.png&#8221; background_size=&#8221;initial&#8221; background_position=&#8221;bottom_center&#8221; global_colors_info=&#8221;{}&#8221;][et_pb_row column_structure=&#8221;1_2,1_2&#8243; _builder_version=&#8221;4.4.3&#8243; locked=&#8221;off&#8221; global_colors_info=&#8221;{}&#8221;][et_pb_column type=&#8221;1_2&#8243; _builder_version=&#8221;4.4.3&#8243; background_color=&#8221;#283444&#8243; custom_padding=&#8221;50px|30px|50px|30px|true|true&#8221; global_colors_info=&#8221;{}&#8221;][et_pb_text _builder_version=&#8221;4.14.0&#8243; _module_preset=&#8221;default&#8221; global_colors_info=&#8221;{}&#8221;]<\/p>\n<p style=\"text-align: justify;\"><span style=\"color: #666060;\">Par son exp\u00e9rience et son savoir faire, par le s\u00e9rieux et l\u2019engagement, par son r\u00e9seaux de relations et de partenaires, et gr\u00e2ce \u00e0 sa r\u00e9putation \u00e0 l\u2019\u00e9chelle nationale et internationale, Le Consortium pour le D\u00e9veloppement (CONSORD) est un partenaire de choix pour la r\u00e9alisation de vos projets dans l\u2019univers de l\u2019\u00e9ducation, de l\u2019enseignement et de la formation.<\/span><\/p>\n<p style=\"text-align: justify;\"><span style=\"color: #666060;\"><\/span><\/p>\n<p style=\"text-align: justify;\"><span><\/span><\/p>\n<p>[\/et_pb_text][\/et_pb_column][et_pb_column type=&#8221;1_2&#8243; _builder_version=&#8221;4.4.3&#8243; background_color=&#8221;#ddccb8&#8243; custom_padding=&#8221;50px|30px|50px|30px|true|true&#8221; global_colors_info=&#8221;{}&#8221;][et_pb_text _builder_version=&#8221;4.14.0&#8243; _module_preset=&#8221;default&#8221; global_colors_info=&#8221;{}&#8221;]<\/p>\n<p style=\"text-align: justify;\"><span>Seul ou en partenariat, Le Consortium pour le D\u00e9veloppement (CONSORD), r\u00e9alise des projets \u00e9ducatifs ou de formation, organise des colloques, des s\u00e9minaires et des r\u00e9unions-d\u00e9bats sur des th\u00e8mes relatifs aux enjeux et aux probl\u00e8mes de l\u2019\u00e9ducation et de la formation, sur les r\u00e9ponses qui sont actuellement apport\u00e9es aux probl\u00e8mes <\/span><span><\/span><span>d\u2019\u00e9ducation en liaison avec le d\u00e9veloppement et sur l\u2019\u00e9volution des syst\u00e8mes \u00e9ducatifs et <\/span><span>de formation.<\/span><\/p>\n<p>[\/et_pb_text][\/et_pb_column][\/et_pb_row][\/et_pb_section][et_pb_section fb_built=&#8221;1&#8243; _builder_version=&#8221;4.14.0&#8243; _module_preset=&#8221;default&#8221; global_colors_info=&#8221;{}&#8221;][et_pb_row _builder_version=&#8221;4.14.0&#8243; _module_preset=&#8221;default&#8221; background_color_gradient_start=&#8221;#ffffff&#8221; background_color_gradient_end=&#8221;#8300e9&#8243; background_enable_image=&#8221;off&#8221; global_colors_info=&#8221;{}&#8221;][et_pb_column type=&#8221;4_4&#8243; _builder_version=&#8221;4.14.0&#8243; _module_preset=&#8221;default&#8221; global_colors_info=&#8221;{}&#8221;][et_pb_text _builder_version=&#8221;4.14.0&#8243; _module_preset=&#8221;default&#8221; global_colors_info=&#8221;{}&#8221;]<\/p>\n<h1 style=\"text-align: center;\">Exemples de projets r\u00e9alis\u00e9s par <span style=\"color: #3f3f3f;\">CONSORD<\/span><\/h1>\n<p>[\/et_pb_text][\/et_pb_column][\/et_pb_row][\/et_pb_section][et_pb_section fb_built=&#8221;1&#8243; _builder_version=&#8221;4.14.0&#8243; _module_preset=&#8221;default&#8221; custom_margin=&#8221;-65px|||||&#8221; global_colors_info=&#8221;{}&#8221;][et_pb_row _builder_version=&#8221;4.14.0&#8243; _module_preset=&#8221;default&#8221; global_colors_info=&#8221;{}&#8221;][et_pb_column type=&#8221;4_4&#8243; _builder_version=&#8221;4.14.0&#8243; _module_preset=&#8221;default&#8221; global_colors_info=&#8221;{}&#8221;][et_pb_slider _builder_version=&#8221;4.14.0&#8243; _module_preset=&#8221;default&#8221; header_text_color=&#8221;#000000&#8243; background_color=&#8221;RGBA(255,255,255,0)&#8221; custom_padding=&#8221;0px||0px|||&#8221; animation_style=&#8221;fade&#8221; auto=&#8221;on&#8221; auto_speed=&#8221;3000&#8243; global_colors_info=&#8221;{}&#8221;][et_pb_slide heading=&#8221;Projet d\u2019am\u00e9lioration de la qualit\u00e9 du syst\u00e8me \u00e9ducatif Tunisien (PAQSET) : Formation d\u2019\u00e9quipes de p\u00e9dagogues \u00e0 la conception et \u00e0 l\u2019\u00e9laboration de manuels scolaires&#8221; _builder_version=&#8221;4.14.0&#8243; _module_preset=&#8221;default&#8221; global_colors_info=&#8221;{}&#8221; sticky_transition=&#8221;on&#8221;]<\/p>\n<p style=\"text-align: center;\"><span style=\"color: #000000;\"><img loading=\"lazy\" decoding=\"async\" src=\"https:\/\/consord.tn\/wp-content\/uploads\/2021\/11\/logo-ME.png\" width=\"230\" height=\"230\" alt=\"\" class=\"wp-image-1688 alignnone size-full\" title=\"\" srcset=\"https:\/\/consord.tn\/wp-content\/uploads\/2021\/11\/logo-ME.png 230w, https:\/\/consord.tn\/wp-content\/uploads\/2021\/11\/logo-ME-150x150.png 150w, https:\/\/consord.tn\/wp-content\/uploads\/2021\/11\/logo-ME-100x100.png 100w\" sizes=\"(max-width: 230px) 100vw, 230px\" \/><\/span><\/p>\n<p style=\"text-align: center;\"><span style=\"color: #000000;\">Le projet s\u2019inscrit dans la foul\u00e9e de la d\u00e9cision des autorit\u00e9s tunisiennes de proc\u00e9der \u00e0 une<\/span><br \/><span style=\"color: #000000;\">r\u00e9\u00e9criture des programmes d\u2019\u00e9tudes et des manuels scolaires. La formation professionnelle<\/span><br \/><span style=\"color: #000000;\">d\u2019experts tunisiens \u00e0 l\u2019\u00e9laboration de mat\u00e9riel didactique conforme \u00e0 l\u2019approche par<\/span><br \/><span style=\"color: #000000;\">comp\u00e9tences ainsi qu\u2019\u00e0 l\u2019encadrement et la supervision du travail d\u2019\u00e9quipes d\u2019auteurs sont les<\/span><br \/><span style=\"color: #000000;\">deux axes principaux de ce projet. Les experts ainsi form\u00e9s assureront le respect de cette vision<\/span><br \/><span style=\"color: #000000;\">renouvel\u00e9e de l\u2019apprentissage. Une \u00e9quipe de 22 p\u00e9dagogues, responsables de la p\u00e9rennit\u00e9 du<\/span><br \/><span style=\"color: #000000;\">projet ont \u00e9t\u00e9 appel\u00e9s \u00e0 participer \u00e0 cette formation.<\/span><\/p>\n<p style=\"text-align: center;\"><span style=\"color: #000000;\">Valeurs des services : 297 693 $<\/span><\/p>\n<p>[\/et_pb_slide][et_pb_slide heading=&#8221;Formation \u00e0 la vie scolaire &#8211; PAES I&#8221; _builder_version=&#8221;4.14.0&#8243; _module_preset=&#8221;default&#8221; global_colors_info=&#8221;{}&#8221; sticky_transition=&#8221;on&#8221;]<\/p>\n<p style=\"text-align: center;\"><span style=\"color: #000000;\"><img loading=\"lazy\" decoding=\"async\" src=\"https:\/\/consord.tn\/wp-content\/uploads\/2021\/11\/logo-ME.png\" width=\"230\" height=\"230\" alt=\"\" class=\"wp-image-1688 alignnone size-full\" title=\"\" srcset=\"https:\/\/consord.tn\/wp-content\/uploads\/2021\/11\/logo-ME.png 230w, https:\/\/consord.tn\/wp-content\/uploads\/2021\/11\/logo-ME-150x150.png 150w, https:\/\/consord.tn\/wp-content\/uploads\/2021\/11\/logo-ME-100x100.png 100w\" sizes=\"(max-width: 230px) 100vw, 230px\" \/><\/span><\/p>\n<p style=\"text-align: center;\"><span style=\"color: #000000;\">Assurer la pr\u00e9paration \u00e0 la mise en place des conseils d\u2019\u00e9tablissement dans les 40 coll\u00e8ges et<\/span><br \/><span style=\"color: #000000;\">lyc\u00e9es construits sur financement de la BAD, et de leur garantir un fonctionnement optimal qui<\/span><br \/><span style=\"color: #000000;\">repose sur la participation active de tous les membres de la communaut\u00e9 \u00e9ducative.<\/span><\/p>\n<p style=\"text-align: center;\"><span style=\"color: #000000;\">Valeurs des services : 160000DT<\/span><\/p>\n<p>[\/et_pb_slide][et_pb_slide heading=&#8221;Formation des sp\u00e9cialistes en NTIC EUROMASTER _ session 2000&#8243; _builder_version=&#8221;4.14.0&#8243; _module_preset=&#8221;default&#8221; global_colors_info=&#8221;{}&#8221; sticky_transition=&#8221;on&#8221;]<\/p>\n<p style=\"text-align: center;\"><img loading=\"lazy\" decoding=\"async\" src=\"https:\/\/consord.tn\/wp-content\/uploads\/2021\/11\/unnamed-300x169.png\" width=\"300\" height=\"169\" alt=\"\" class=\"wp-image-1689 alignnone size-medium\" title=\"\"><\/p>\n<p style=\"text-align: center;\">C<span style=\"color: #000000;\">e cycle de formation s\u2019est fait au profit de 20 ma\u00eetrisards et ing\u00e9nieurs qui ont suivi une<\/span><br \/><span style=\"color: #000000;\">formation pointue sur les NTIC, en partenariat avec CITCOM (France-T\u00e9l\u00e9com) et avec la<\/span><br \/><span style=\"color: #000000;\">collaboration de l\u2019ATE (Minist\u00e8re de la Formation Professionnelle et de l\u2019Emploi). La formation<\/span><br \/><span style=\"color: #000000;\">&#8220;Euromaster NTIC&#8221; une dur\u00e9e de 4 mois th\u00e9oriques et de 3 mois pratiques dans des entreprises<\/span><br \/><span style=\"color: #000000;\">publiques et priv\u00e9es. Les stages de 3 mois ont d\u00e9bouch\u00e9 sur la mise en place des sites Web<\/span><br \/><span style=\"color: #000000;\">dynamiques de tr\u00e8s haut niveau, permettant de g\u00e9rer \u00e0 distance des EPS (Etablissements Publics<\/span><br \/><span style=\"color: #000000;\">de la Sant\u00e9), des parcs automobiles de grandes entreprises\u2026<\/span><\/p>\n<p style=\"text-align: center;\"><span style=\"color: #000000;\">Valeurs des services : 98000DT<\/span><\/p>\n<p>[\/et_pb_slide][et_pb_slide heading=&#8221;Formation des sp\u00e9cialistes en NTIC EUROMASTER _ session 2002&#8243; _builder_version=&#8221;4.14.0&#8243; _module_preset=&#8221;default&#8221; global_colors_info=&#8221;{}&#8221; sticky_transition=&#8221;on&#8221;]<\/p>\n<p style=\"text-align: center;\"><span style=\"color: #000000;\"><img loading=\"lazy\" decoding=\"async\" src=\"https:\/\/consord.tn\/wp-content\/uploads\/2021\/11\/unnamed-300x169.png\" width=\"300\" height=\"169\" alt=\"\" class=\"wp-image-1689 alignnone size-medium\" title=\"\"><\/span><\/p>\n<p style=\"text-align: center;\"><span style=\"color: #000000;\">Ce cycle de formation, en cours de r\u00e9alisation, fait suite au succ\u00e8s de la premi\u00e8re op\u00e9ration de<\/span><br \/><span style=\"color: #000000;\">reconversion des dipl\u00f4m\u00e9s de l\u2019enseignement sup\u00e9rieur pour le compte du Minist\u00e8re de la<\/span><br \/><span style=\"color: #000000;\">Formation Professionnelle et de l\u2019Emploi. Cette formation se fait au profit de 25 ma\u00eetrisards et<\/span><br \/><span style=\"color: #000000;\">ing\u00e9nieurs qui suivent une formation pointue sur les NTIC, en partenariat avec CITCOM<\/span><br \/><span style=\"color: #000000;\">(France-T\u00e9l\u00e9com) et avec la collaboration de l\u2019ATE (Minist\u00e8re de la Formation Professionnelle<\/span><br \/><span style=\"color: #000000;\">et de l\u2019Emploi). La formation &#8220;Euromaster NTIC&#8221; est d&#8217;une dur\u00e9e de 4 mois th\u00e9oriques et de 3<\/span><br \/><span style=\"color: #000000;\">mois pratiques dans des entreprises publiques et priv\u00e9es.<\/span><\/p>\n<p style=\"text-align: center;\"><span style=\"color: #000000;\">Valeurs des services : 164000 $<\/span><\/p>\n<p>[\/et_pb_slide][et_pb_slide heading=&#8221;D\u00e9veloppement de produits multim\u00e9dias et produits en ligne&#8221; _builder_version=&#8221;4.14.0&#8243; _module_preset=&#8221;default&#8221; global_colors_info=&#8221;{}&#8221; sticky_transition=&#8221;on&#8221;]<\/p>\n<p style=\"text-align: center;\"><span style=\"color: #000000;\"><img loading=\"lazy\" decoding=\"async\" src=\"https:\/\/consord.tn\/wp-content\/uploads\/2021\/11\/1280px-Education_et_Enseignement_superieur_Quebec.svg_-300x114.png\" width=\"300\" height=\"114\" alt=\"\" class=\"wp-image-1690 alignnone size-medium\" title=\"\"><\/span><\/p>\n<p style=\"text-align: center;\"><span style=\"color: #000000;\">Le projet consiste \u00e0 d\u00e9velopper des produits multim\u00e9dia compl\u00e9mentaires (c\u00e9d\u00e9roms, vid\u00e9os,<\/span><br \/><span style=\"color: #000000;\">simulateurs et autres) aux guides de formation pour faciliter le travail des formateurs. Ces<\/span><br \/><span style=\"color: #000000;\">produits comprennent des figures, des animations, des exercices suppl\u00e9mentaires pour les<\/span><br \/><span style=\"color: #000000;\">stagiaires. Concernant les contenus en ligne, il s\u2019agit de d\u00e9velopper des contenus en vue de<\/span><br \/><span style=\"color: #000000;\">favoriser l\u2019int\u00e9gration des TIC dans l\u2019enseignement comme valeur ajout\u00e9 pour favoriser la<\/span><br \/><span style=\"color: #000000;\">participation des apprenants \u00e0 leur formation.<\/span><\/p>\n<p style=\"text-align: center;\"><span style=\"color: #000000;\">Valeurs des services : 300000 $<\/span><\/p>\n<p>[\/et_pb_slide][\/et_pb_slider][\/et_pb_column][\/et_pb_row][\/et_pb_section][et_pb_section fb_built=&#8221;1&#8243; admin_label=&#8221;CTA&#8221; _builder_version=&#8221;4.4.3&#8243; background_color=&#8221;#263142&#8243; background_image=&#8221;https:\/\/consord.tn\/wp-content\/uploads\/2021\/11\/financial-advisor-background-2.png&#8221; background_size=&#8221;initial&#8221; global_colors_info=&#8221;{}&#8221;][et_pb_row _builder_version=&#8221;4.4.3&#8243; global_colors_info=&#8221;{}&#8221;][et_pb_column type=&#8221;4_4&#8243; _builder_version=&#8221;4.4.3&#8243; global_colors_info=&#8221;{}&#8221;][et_pb_text _builder_version=&#8221;4.4.3&#8243; text_font=&#8221;Darker Grotesque|600|||||||&#8221; text_font_size=&#8221;24px&#8221; text_line_height=&#8221;1.4em&#8221; header_2_font=&#8221;Darker Grotesque|900|||||||&#8221; header_2_font_size=&#8221;60px&#8221; text_orientation=&#8221;center&#8221; background_layout=&#8221;dark&#8221; header_2_font_size_tablet=&#8221;42px&#8221; header_2_font_size_phone=&#8221;30px&#8221; header_2_font_size_last_edited=&#8221;on|phone&#8221; locked=&#8221;off&#8221; global_colors_info=&#8221;{}&#8221;]<\/p>\n<h2>Vous avez une question?<\/h2>\n<p>&nbsp;<\/p>\n<p>[\/et_pb_text][et_pb_button button_url=&#8221;https:\/\/consord.tn\/index.php\/contact-2\/&#8221; button_text=&#8221;Contactez-nous&#8221; button_alignment=&#8221;center&#8221; _builder_version=&#8221;4.14.0&#8243; custom_button=&#8221;on&#8221; button_text_color=&#8221;#283444&#8243; button_bg_color=&#8221;#ddccb8&#8243; button_border_color=&#8221;rgba(0,0,0,0)&#8221; button_border_radius=&#8221;0px&#8221; button_letter_spacing=&#8221;2px&#8221; button_font=&#8221;Darker Grotesque|900||on|||||&#8221; button_use_icon=&#8221;off&#8221; custom_margin=&#8221;50px||||false|false&#8221; custom_padding=&#8221;15px|40px|15px|40px|true|true&#8221; button_text_size_tablet=&#8221;20px&#8221; button_text_size_phone=&#8221;16px&#8221; button_text_size_last_edited=&#8221;on|phone&#8221; locked=&#8221;off&#8221; global_colors_info=&#8221;{}&#8221;][\/et_pb_button][\/et_pb_column][\/et_pb_row][\/et_pb_section]<\/p>\n","protected":false},"excerpt":{"rendered":"<p>CONSORD est un partenairede choix pour la r\u00e9alisation de vos projets dans l\u2019univers de l\u2019\u00e9ducation, de l\u2019enseignement et de la formation.Par son exp\u00e9rience et son savoir faire, par le s\u00e9rieux et l\u2019engagement, par son r\u00e9seaux de relations et de partenaires, et gr\u00e2ce \u00e0 sa r\u00e9putation \u00e0 l\u2019\u00e9chelle nationale et internationale, Le Consortium pour le D\u00e9veloppement [&hellip;]<\/p>\n","protected":false},"author":1,"featured_media":0,"parent":0,"menu_order":0,"comment_status":"closed","ping_status":"closed","template":"","meta":{"_et_pb_use_builder":"on","_et_pb_old_content":"","_et_gb_content_width":"","footnotes":""},"class_list":["post-1980","page","type-page","status-publish","hentry"],"_links":{"self":[{"href":"https:\/\/consord.tn\/index.php\/wp-json\/wp\/v2\/pages\/1980","targetHints":{"allow":["GET"]}}],"collection":[{"href":"https:\/\/consord.tn\/index.php\/wp-json\/wp\/v2\/pages"}],"about":[{"href":"https:\/\/consord.tn\/index.php\/wp-json\/wp\/v2\/types\/page"}],"author":[{"embeddable":true,"href":"https:\/\/consord.tn\/index.php\/wp-json\/wp\/v2\/users\/1"}],"replies":[{"embeddable":true,"href":"https:\/\/consord.tn\/index.php\/wp-json\/wp\/v2\/comments?post=1980"}],"version-history":[{"count":3,"href":"https:\/\/consord.tn\/index.php\/wp-json\/wp\/v2\/pages\/1980\/revisions"}],"predecessor-version":[{"id":2047,"href":"https:\/\/consord.tn\/index.php\/wp-json\/wp\/v2\/pages\/1980\/revisions\/2047"}],"wp:attachment":[{"href":"https:\/\/consord.tn\/index.php\/wp-json\/wp\/v2\/media?parent=1980"}],"curies":[{"name":"wp","href":"https:\/\/api.w.org\/{rel}","templated":true}]}}